{"id":3024,"date":"2018-05-25T12:42:29","date_gmt":"2018-05-25T12:42:29","guid":{"rendered":"http:\/\/www.albathyment.com.pl\/AlbaThyment\/?page_id=3024"},"modified":"2023-04-19T14:00:24","modified_gmt":"2023-04-19T14:00:24","slug":"polityka-prywatnosci","status":"publish","type":"page","link":"https:\/\/www.albathyment.com.pl\/AlbaThyment\/polityka-prywatnosci\/","title":{"rendered":"Polityka Prywatno\u015bci"},"content":{"rendered":"<div class=\"flex_column av_one_full  flex_column_div av-zero-column-padding first  avia-builder-el-0  avia-builder-el-no-sibling  \" style='border-radius:0px; '><section class=\"av_textblock_section \"  itemscope=\"itemscope\" itemtype=\"https:\/\/schema.org\/CreativeWork\" ><div class='avia_textblock  '   itemprop=\"text\" ><p class=\"brz-css-jqjtm\" data-uniq-id=\"rxuqx\" data-generated-css=\"brz-css-iwcaf\"><strong class=\"brz-cp-color7\">Kto jest Administratorem moich danych osobowych?<\/strong><\/p>\n<p class=\"brz-css-eivqa\" data-uniq-id=\"lbfjq\" data-generated-css=\"brz-css-xtmuj\"><span class=\"brz-cp-color7\">Administratorem Twoich danych osobowych jest:<\/span><\/p>\n<p class=\"brz-css-uqevq\" data-uniq-id=\"kablg\" data-generated-css=\"brz-css-ezofd\"><strong class=\"brz-cp-color7\">ALBA THYMENT sp\u00f3\u0142ka z ograniczon\u0105 odpowiedzialno\u015bci\u0105 ul. Szkolna 98, 62-002 Suchy Las NIP: 7820026054 REGON: 63251406600000 KRS: 0000152323<\/strong><\/p>\n<p class=\"brz-css-evwfy\" data-uniq-id=\"kftsv\" data-generated-css=\"brz-css-fwmge\"><span class=\"brz-cp-color7\">Administrator odpowiada za wykorzystanie danych osobowych w spos\u00f3b bezpieczny oraz zgodny z obowi\u0105zuj\u0105cymi przepisami prawa.<\/span><\/p>\n<p class=\"brz-css-qdgtu\" data-uniq-id=\"aefda\" data-generated-css=\"brz-css-qebry\"><strong class=\"brz-cp-color7\">Z kim mog\u0119 si\u0119 skontaktowa\u0107 w kwestiach zwi\u0105zanych z przetwarzaniem moich danych osobowych?<\/strong><\/p>\n<p class=\"brz-css-jtbnq\" data-uniq-id=\"kyvcr\" data-generated-css=\"brz-css-nigyb\"><strong class=\"brz-cp-color7\">We wszelkich sprawach zwi\u0105zanych z przetwarzaniem Twoich danych osobowych przez Administratora mo\u017cesz skontaktowa\u0107 si\u0119:<\/strong><\/p>\n<p class=\"brz-css-zmgsd\" data-uniq-id=\"iosmc\" data-generated-css=\"brz-css-yuaut\"><strong class=\"brz-cp-color7\">pod adresem e-mail:<\/strong><span class=\"brz-cp-color7\">\u00a0iod@albathyment.com.pl,<\/span><\/p>\n<p class=\"brz-css-bwaoy\" data-uniq-id=\"seinw\" data-generated-css=\"brz-css-awwjr\"><strong class=\"brz-cp-color7\">pod numerem telefonu:<\/strong><span class=\"brz-cp-color7\">\u00a0618115407,<\/span><\/p>\n<p class=\"brz-css-tibjb\" data-uniq-id=\"cejei\" data-generated-css=\"brz-css-uktgc\"><strong class=\"brz-cp-color7\">listowanie pod adresem:<\/strong><span class=\"brz-cp-color7\">\u00a0ALBA THYMENT sp. z o.o. ul. Szkolna 98, 62-002 Suchy Las<\/span><\/p>\n<p class=\"brz-css-rbetc\" data-uniq-id=\"fsfvr\" data-generated-css=\"brz-css-cfsqd\"><strong class=\"brz-cp-color7\">Administrator nie powo\u0142a\u0142 Inspektora Ochrony Danych Osobowych ani swojego przedstawiciela.<\/strong><\/p>\n<p class=\"brz-css-ltbhc\" data-uniq-id=\"uxtms\" data-generated-css=\"brz-css-zgzbg\"><strong class=\"brz-cp-color7\">Jakie jest \u017ar\u00f3d\u0142o moich danych \u2013 sk\u0105d s\u0105 pozyskiwane?<\/strong><\/p>\n<p class=\"brz-css-bnseh\" data-uniq-id=\"mvopt\" data-generated-css=\"brz-css-iuduo\"><span class=\"brz-cp-color7\">Dane osobowe pozyskujemy bezpo\u015brednio od Ciebie w momencie, w kt\u00f3rym kontaktujesz si\u0119 z nami w zwi\u0105zku z ch\u0119ci\u0105 zakupu produkt\u00f3w oferowanych przez ALBA THYMENT sp. z o.o. Twoje dane pozyskujemy w r\u00f3\u017cnych celach, jak r\u00f3wnie\u017c przetwarzamy je w r\u00f3\u017cnych zakresach i na r\u00f3\u017cnej podstawie prawnej przewidzianej w RODO. R\u00f3\u017cny jest te\u017c<\/span><\/p>\n<p class=\"brz-css-ztrwq\" data-uniq-id=\"rxnzv\" data-generated-css=\"brz-css-pqnic\"><strong class=\"brz-cp-color7\">Czas przetwarzania danych osobowych.<\/strong><span class=\"brz-cp-color7\">\u00a0W celu przekazania Ci jak najbardziej przejrzystej informacji, pogrupowali\u015bmy te informacje odnosz\u0105c si\u0119 do celu przetwarzania Twoich danych osobowych i przedstawiamy je poni\u017cej.<\/span><\/p>\n<p class=\"brz-css-haibd\" data-uniq-id=\"kiivw\" data-generated-css=\"brz-css-nyllp\"><strong class=\"brz-cp-color7\">Jaki jest zakres przetwarzanych przez Administratora danych osobowych oraz cel przetwarzania?<\/strong><\/p>\n<p data-uniq-id=\"hudib\" data-generated-css=\"brz-css-gooeh\">\n<p class=\"brz-css-lzzmn\" data-uniq-id=\"hudib\" data-generated-css=\"brz-css-gooeh\"><strong class=\"brz-cp-color7\">1. Rejestracja konta Klienta przez stron\u0119 WWW<\/strong><\/p>\n<p class=\"brz-css-qmvqz\" data-uniq-id=\"ixhfy\" data-generated-css=\"brz-css-hymmi\"><strong class=\"brz-cp-color7\">Opis.<\/strong><span class=\"brz-cp-color7\">\u00a0Dane osobowe s\u0105 przetwarzane w celu umo\u017cliwienia Klientom rejestracji przez stron\u0119 www.<\/span><\/p>\n<p class=\"brz-css-gddtd\" data-uniq-id=\"fpfpn\" data-generated-css=\"brz-css-cebyw\"><strong class=\"brz-cp-color7\">Zakres danych.<\/strong><span class=\"brz-cp-color7\">\u00a0Imi\u0119, Nazwisko, numer telefonu, ewentualnie inne dane, kt\u00f3re zdecyduje si\u0119 poda\u0107 Klient,<\/span><\/p>\n<p class=\"brz-css-dmuwb\" data-uniq-id=\"exhol\" data-generated-css=\"brz-css-zmhjn\"><strong class=\"brz-cp-color7\">Podstawa prawna.<\/strong><span class=\"brz-cp-color7\">\u00a0Przes\u0142anka legalizuj\u0105ca: art. 6 ust. 1 lit. b RODO, tj. konieczno\u015b\u0107 podania danych osobowych w celu rejestracji konta klienta przez stron\u0119 https:\/\/www.albathyment.com.pl\/, https:\/\/www.alba1913.pl,http:\/\/www.alba1913.com,https:\/\/www.balsamique.pl\/, oraz https:\/\/apothia.pl\/<\/span><\/p>\n<p class=\"brz-css-uztmu\" data-uniq-id=\"aplbl\" data-generated-css=\"brz-css-lxufr\"><strong class=\"brz-cp-color7\">Czas przetwarzania danych osobowych.<\/strong><span class=\"brz-cp-color7\">\u00a0Dane osobowe s\u0105 przetwarzane przez okres wynikaj\u0105cy z podstawowego celu, dla jakiego zosta\u0142y zebrane, nie d\u0142u\u017cej jednak ni\u017c przez 5 lat.<\/span><\/p>\n<p data-uniq-id=\"ganqh\" data-generated-css=\"brz-css-xjpge\">\n<p class=\"brz-css-tvvxk\" data-uniq-id=\"ganqh\" data-generated-css=\"brz-css-xjpge\"><strong class=\"brz-cp-color7\">2. Zakup towaru przez stron\u0119 www<\/strong><\/p>\n<p class=\"brz-css-nsnmo\" data-uniq-id=\"mdixy\" data-generated-css=\"brz-css-ivzlv\"><strong class=\"brz-cp-color7\">Opis.<\/strong><span class=\"brz-cp-color7\">Dane osobowe s\u0105 przetwarzane w celu umo\u017cliwienia Klientom zakupu towaru przez stron\u0119 www<\/span><\/p>\n<p class=\"brz-css-xbint\" data-uniq-id=\"iziaq\" data-generated-css=\"brz-css-clvrf\"><strong class=\"brz-cp-color7\">Zakres danych.<\/strong><span class=\"brz-cp-color7\">\u00a0W celu umo\u017cliwienia zakupu towaru przez stron\u0119 www przetwarzane s\u0105 nast\u0119puj\u0105ce dane osobowe Klienta: Imi\u0119, Nazwisko, adres e-mail, numer telefonu,<\/span><\/p>\n<p class=\"brz-css-yjnve\" data-uniq-id=\"zwlfq\" data-generated-css=\"brz-css-qnebj\"><strong class=\"brz-cp-color7\">Podstawa prawna.<\/strong><span class=\"brz-cp-color7\">\u00a0Przetwarzanie danych osobowych jest niezb\u0119dne do podj\u0119cia dzia\u0142a\u0144, na \u017c\u0105danie osoby, kt\u00f3rej dane dotycz\u0105, przed zawarciem umowy (art. 6 ust. 1 lit. b RODO)<\/span><\/p>\n<p class=\"brz-css-dijyo\" data-uniq-id=\"ichcj\" data-generated-css=\"brz-css-jycnh\"><strong class=\"brz-cp-color7\">Czas przetwarzania danych osobowych.<\/strong><span class=\"brz-cp-color7\">\u00a0Dane osobowe s\u0105 przetwarzane przez okres wynikaj\u0105cy z podstawowego celu, dla jakiego zosta\u0142y zebrane, nie d\u0142u\u017cej jednak ni\u017c przez 5 lat.<\/span><\/p>\n<p data-uniq-id=\"kaidl\" data-generated-css=\"brz-css-sjzlj\">\n<p class=\"brz-css-atons\" data-uniq-id=\"kaidl\" data-generated-css=\"brz-css-sjzlj\"><strong class=\"brz-cp-color7\">3. P\u0142atno\u015b\u0107 za zam\u00f3wienie<\/strong><\/p>\n<p class=\"brz-css-kbzpt\" data-uniq-id=\"npmon\" data-generated-css=\"brz-css-hkrwx\"><strong class=\"brz-cp-color7\">Opis.<\/strong><span class=\"brz-cp-color7\">Dane osobowe s\u0105 przetwarzane w celu umo\u017cliwienia Klientom zap\u0142aty za zam\u00f3wienie<\/span><\/p>\n<p class=\"brz-css-hnqmh\" data-uniq-id=\"ncmfz\" data-generated-css=\"brz-css-nnfvi\"><strong class=\"brz-cp-color7\">Zakres danych.<\/strong><span class=\"brz-cp-color7\">\u00a0W przypadku dokonywania p\u0142atno\u015bci za zam\u00f3wienie przetwarzane s\u0105 nast\u0119puj\u0105ce dane osobowe: Imi\u0119, Nazwisko, numer rachunku bankowego, adres zamieszkania,<\/span><\/p>\n<p class=\"brz-css-sqasw\" data-uniq-id=\"npvvk\" data-generated-css=\"brz-css-wodrz\"><strong class=\"brz-cp-color7\">Podstawa prawna.<\/strong><span class=\"brz-cp-color7\">\u00a0Przetwarzanie danych osobowych jest niezb\u0119dne do podj\u0119cia dzia\u0142a\u0144, na \u017c\u0105danie osoby, kt\u00f3rej dane dotycz\u0105, przed zawarciem umowy (art. 6 ust. 1 lit. b RODO).<\/span><\/p>\n<p class=\"brz-css-xgeqw\" data-uniq-id=\"kbwcr\" data-generated-css=\"brz-css-hvwxw\"><strong class=\"brz-cp-color7\">Czas przetwarzania danych osobowych.<\/strong><span class=\"brz-cp-color7\">\u00a0Dane s\u0105 przetwarzane przez okres wynikaj\u0105cy z podstawowego celu, dla jakiego zosta\u0142y zebrane, nie d\u0142u\u017cej jednak ni\u017c przez 5 lat.<\/span><\/p>\n<p data-uniq-id=\"nwrlw\" data-generated-css=\"brz-css-ojsql\">\n<p class=\"brz-css-zzdrp\" data-uniq-id=\"nwrlw\" data-generated-css=\"brz-css-ojsql\"><strong class=\"brz-cp-color7\">4. Zakup towaru w sklepie stacjonarnym<\/strong><\/p>\n<p class=\"brz-css-cjcxm\" data-uniq-id=\"iqnuf\" data-generated-css=\"brz-css-scspt\"><strong class=\"brz-cp-color7\">Opis.<\/strong><span class=\"brz-cp-color7\">\u00a0Dane osobowe s\u0105 przetwarzane przy okazji zakupu w sklepie stacjonarnym, w przypadku gdy Klient pozostawia swoje dane osobowe Sprzedawcy<\/span><\/p>\n<p class=\"brz-css-sylty\" data-uniq-id=\"qmsbv\" data-generated-css=\"brz-css-wahqd\"><strong class=\"brz-cp-color7\">Zakres danych.<\/strong><span class=\"brz-cp-color7\">\u00a0W przypadku zakupu produkt\u00f3w i wyrob\u00f3w oferowanych przez Alba Thyment sp. z o.o. w sklepie stacjonarnym przetwarzane s\u0105 nast\u0119puj\u0105ce dane osobowe: Imi\u0119,Nazwisko, adres e-mail, numer telefonu,<\/span><\/p>\n<p class=\"brz-css-qxiqm\" data-uniq-id=\"zdrtq\" data-generated-css=\"brz-css-tlojd\"><strong class=\"brz-cp-color7\">Podstawa prawna.<\/strong><span class=\"brz-cp-color7\">\u00a0Przetwarzanie danych osobowych jest niezb\u0119dne do podj\u0119cia dzia\u0142a\u0144, na \u017c\u0105danie osoby, kt\u00f3rej dane dotycz\u0105, przed zawarciem umowy (art. 6 ust. 1 lit. b RODO).<\/span><\/p>\n<p class=\"brz-css-xemyv\" data-uniq-id=\"ztflr\" data-generated-css=\"brz-css-maluj\"><strong class=\"brz-cp-color7\">Czas przetwarzania danych osobowych.<\/strong><span class=\"brz-cp-color7\">\u00a0Dane s\u0105 przetwarzane przez okres wynikaj\u0105cy z podstawowego celu, dla jakiego zosta\u0142y zebrane, nie d\u0142u\u017cej jednak ni\u017c przez 5 lat.<\/span><\/p>\n<p data-uniq-id=\"zgqpe\" data-generated-css=\"brz-css-hzuvp\">\n<p class=\"brz-css-qonam\" data-uniq-id=\"zgqpe\" data-generated-css=\"brz-css-hzuvp\"><strong class=\"brz-cp-color7\">5. Zdalny zakup towaru lub us\u0142ugi, zapytanie ofertowe<\/strong><\/p>\n<p class=\"brz-css-llwbx\" data-uniq-id=\"jfvyj\" data-generated-css=\"brz-css-jldrh\"><strong class=\"brz-cp-color7\">Opis.<\/strong><span class=\"brz-cp-color7\">\u00a0Dane osobowe s\u0105 przetwarzane w celu umo\u017cliwienia Klientom zdalnego zakupu towaru a tak\u017ce udzielenia odpowiedzi na zapytanie ofertowe<\/span><\/p>\n<p class=\"brz-css-upyrm\" data-uniq-id=\"malph\" data-generated-css=\"brz-css-qdydd\"><strong class=\"brz-cp-color7\">Zakres danych.<\/strong><span class=\"brz-cp-color7\">\u00a0W zwi\u0105zku ze zdalnym zakupem towaru lub us\u0142ug oraz sk\u0142adaniem zapyta\u0144 ofertowych przetwarzane s\u0105 nast\u0119puj\u0105ce dane osobowe imi\u0119, nazwisko, adres e-mail,numer telefonu,<\/span><\/p>\n<p class=\"brz-css-nuruh\" data-uniq-id=\"qjvvz\" data-generated-css=\"brz-css-thcvz\"><strong class=\"brz-cp-color7\">Podstawa prawna.<\/strong><span class=\"brz-cp-color7\">\u00a0Przetwarzanie danych osobowych jest niezb\u0119dne do podj\u0119cia dzia\u0142a\u0144, na \u017c\u0105danie osoby, kt\u00f3rej dane dotycz\u0105, przed zawarciem umowy oraz w celu wykonania umowy lub \u015bwiadczenia us\u0142ug (art. 6 ust. 1 lit. b RODO).<\/span><\/p>\n<p class=\"brz-css-oiyjo\" data-uniq-id=\"osiwq\" data-generated-css=\"brz-css-szvor\"><strong class=\"brz-cp-color7\">Czas przetwarzania danych osobowych.<\/strong><span class=\"brz-cp-color7\">\u00a0Dane s\u0105 przetwarzane przez okres wynikaj\u0105cy z podstawowego celu, dla jakiego zosta\u0142y zebrane, nie d\u0142u\u017cej jednak ni\u017c przez 5 lat.<\/span><\/p>\n<p data-uniq-id=\"otnvt\" data-generated-css=\"brz-css-fcvgb\">\n<p class=\"brz-css-ndalz\" data-uniq-id=\"otnvt\" data-generated-css=\"brz-css-fcvgb\"><strong class=\"brz-cp-color7\">6. Zwrot towaru<\/strong><\/p>\n<p class=\"brz-css-lxcfr\" data-uniq-id=\"puysa\" data-generated-css=\"brz-css-mwtrb\"><strong class=\"brz-cp-color7\">Opis.<\/strong><span class=\"brz-cp-color7\">Dane osobowe s\u0105 przetwarzane w celu umo\u017cliwienia Klientowi zwrotu towaru<\/span><\/p>\n<p class=\"brz-css-zhwxh\" data-uniq-id=\"zcgrk\" data-generated-css=\"brz-css-oxfmn\"><strong class=\"brz-cp-color7\">Zakres danych.<\/strong><span class=\"brz-cp-color7\">\u00a0W celu umo\u017cliwienia Klientom zwrotu towaru przetwarzane s\u0105 nast\u0119puj\u0105ce dane osobowe: imi\u0119 i nazwisko, e-mail, numer telefonu,<\/span><\/p>\n<p class=\"brz-css-mwmry\" data-uniq-id=\"yposk\" data-generated-css=\"brz-css-kumqp\"><strong class=\"brz-cp-color7\">Podstawa prawna.<\/strong><span class=\"brz-cp-color7\">\u00a0Przetwarzanie danych osobowych jest niezb\u0119dne do podj\u0119cia dzia\u0142a\u0144, na \u017c\u0105danie osoby, kt\u00f3rej dane dotycz\u0105, w celu wykonania umowy lub \u015bwiadczenia us\u0142ug (art. 6 ust. 1 lit. b RODO).<\/span><\/p>\n<p class=\"brz-css-ufrgf\" data-uniq-id=\"hyiup\" data-generated-css=\"brz-css-pmpbe\"><strong class=\"brz-cp-color7\">Czas przetwarzania danych osobowych.<\/strong><span class=\"brz-cp-color7\">\u00a0Dane s\u0105 przetwarzane przez okres wynikaj\u0105cy z podstawowego celu, dla jakiego zosta\u0142y zebrane, nie d\u0142u\u017cej jednak ni\u017c przez 5 lat.<\/span><\/p>\n<p data-uniq-id=\"vegyf\" data-generated-css=\"brz-css-hjpaj\">\n<p class=\"brz-css-tvjrr\" data-uniq-id=\"vegyf\" data-generated-css=\"brz-css-hjpaj\"><strong class=\"brz-cp-color7\">7. Kontakt telefoniczny z Klientami<\/strong><\/p>\n<p class=\"brz-css-pyumb\" data-uniq-id=\"imoxi\" data-generated-css=\"brz-css-uernw\"><strong class=\"brz-cp-color7\">Opis.<\/strong><span class=\"brz-cp-color7\">\u00a0Dane osobowe s\u0105 przetwarzane w celu umo\u017cliwienia Klientom kontaktu telefonicznego z Administratorem.<\/span><\/p>\n<p class=\"brz-css-sbxme\" data-uniq-id=\"duatk\" data-generated-css=\"brz-css-fnxvy\"><strong class=\"brz-cp-color7\">Zakres danych.<\/strong><span class=\"brz-cp-color7\">\u00a0W tym celu przetwarzane s\u0105 nast\u0119puj\u0105ce dane osobowe: imi\u0119, nazwisko, numer telefonu.<\/span><\/p>\n<p class=\"brz-css-obnaj\" data-uniq-id=\"vkzun\" data-generated-css=\"brz-css-hgmvc\"><strong class=\"brz-cp-color7\">Podstawa prawna.<\/strong><span class=\"brz-cp-color7\">\u00a0Przetwarzanie danych osobowych jest niezb\u0119dne do podj\u0119cia dzia\u0142a\u0144, na \u017c\u0105danie osoby, kt\u00f3rej dane dotycz\u0105, w celu wykonania umowy lub \u015bwiadczenia us\u0142ug (art. 6 ust. 1 lit. b RODO).<\/span><\/p>\n<p class=\"brz-css-tmynx\" data-uniq-id=\"draop\" data-generated-css=\"brz-css-bhtwa\"><strong class=\"brz-cp-color7\">Czas przetwarzania danych osobowych.<\/strong><span class=\"brz-cp-color7\">\u00a0Dane s\u0105 przetwarzane przez okres wynikaj\u0105cy z podstawowego celu, dla jakiego zosta\u0142y zebrane, nie d\u0142u\u017cej jednak ni\u017c przez 5 lat<\/span><\/p>\n<p data-uniq-id=\"bvibz\" data-generated-css=\"brz-css-rbkms\">\n<p class=\"brz-css-yigzf\" data-uniq-id=\"bvibz\" data-generated-css=\"brz-css-rbkms\"><strong class=\"brz-cp-color7\">8. Kontakt mailowy z Klientami<\/strong><\/p>\n<p class=\"brz-css-edqdh\" data-uniq-id=\"onmhn\" data-generated-css=\"brz-css-bzqje\"><strong class=\"brz-cp-color7\">Opis.<\/strong><span class=\"brz-cp-color7\">\u00a0Dane osobowe s\u0105 przetwarzane w celu umo\u017cliwienia Klientom kontaktu mailowego z Administratorem.<\/span><\/p>\n<p class=\"brz-css-pbbtu\" data-uniq-id=\"hycxd\" data-generated-css=\"brz-css-ecjla\"><strong class=\"brz-cp-color7\">Zakres danych.<\/strong><span class=\"brz-cp-color7\">\u00a0W tym celu przetwarzane s\u0105 nast\u0119puj\u0105ce dane osobowe: imi\u0119, nazwisko, adres e-mail.<\/span><\/p>\n<p class=\"brz-css-ohxcx\" data-uniq-id=\"yfgne\" data-generated-css=\"brz-css-vsjjh\"><strong class=\"brz-cp-color7\">Podstawa prawna.<\/strong><span class=\"brz-cp-color7\">\u00a0Przetwarzanie danych osobowych jest niezb\u0119dne do podj\u0119cia dzia\u0142a\u0144, na \u017c\u0105danie osoby, kt\u00f3rej dane dotycz\u0105, w celu wykonania umowy lub \u015bwiadczenia us\u0142ug (art. 6 ust. 1 lit. b RODO).<\/span><\/p>\n<p class=\"brz-css-bzjte\" data-uniq-id=\"yfgne\" data-generated-css=\"brz-css-vsjjh\"><strong class=\"brz-cp-color7\">Czas przetwarzania danych osobowych.<\/strong><span class=\"brz-cp-color7\">\u00a0Dane s\u0105 przetwarzane przez okres wynikaj\u0105cy z podstawowego celu, dla jakiego zosta\u0142y zebrane, nie d\u0142u\u017cej jednak ni\u017c przez 5 lat<\/span><\/p>\n<p data-uniq-id=\"lruaf\" data-generated-css=\"brz-css-mpone\">\n<p class=\"brz-css-jcgej\" data-uniq-id=\"lruaf\" data-generated-css=\"brz-css-mpone\"><strong class=\"brz-cp-color7\">9. Kontakt z Klientami poprzez FANPAGE na Facebooku<\/strong><\/p>\n<p class=\"brz-css-udutr\" data-uniq-id=\"beekz\" data-generated-css=\"brz-css-wdgph\"><strong class=\"brz-cp-color7\">Opis.<\/strong><span class=\"brz-cp-color7\">\u00a0Dane osobowe s\u0105 przetwarzane w celu umo\u017cliwienia Klientom skontaktowania si\u0119 z podmiotem Alba Thyment poprzez FANPAGE\u2019u na Facebooku<\/span><\/p>\n<p class=\"brz-css-vpmqt\" data-uniq-id=\"ordho\" data-generated-css=\"brz-css-smgqz\"><strong class=\"brz-cp-color7\">Zakres danych.<\/strong><span class=\"brz-cp-color7\">\u00a0W tym celu przetwarzane s\u0105 nast\u0119puj\u0105ce dane osobowe imi\u0119, nazwisko, adres e-mail, numer telefonu, wizerunek.<\/span><\/p>\n<p class=\"brz-css-dyodt\" data-uniq-id=\"oxybb\" data-generated-css=\"brz-css-ltgat\"><strong class=\"brz-cp-color7\">Podstawa prawna.<\/strong><span class=\"brz-cp-color7\">\u00a0Przetwarzanie danych osobowych jest niezb\u0119dne do podj\u0119cia dzia\u0142a\u0144, na \u017c\u0105danie osoby, kt\u00f3rej dane dotycz\u0105, w celu wykonania umowy lub \u015bwiadczenia us\u0142ug art.. 6 ust. 1 lit. b RODO<\/span><\/p>\n<p class=\"brz-css-cxfsp\" data-uniq-id=\"aplpm\" data-generated-css=\"brz-css-bcnch\"><strong class=\"brz-cp-color7\">Czas przetwarzania danych osobowych.<\/strong><span class=\"brz-cp-color7\">\u00a0Dane s\u0105 przetwarzane przez okres wynikaj\u0105cy z podstawowego celu, dla jakiego zosta\u0142y zebrane, nie d\u0142u\u017cej jednak ni\u017c przez 5 lat.<\/span><\/p>\n<p data-uniq-id=\"fmvvr\" data-generated-css=\"brz-css-oktrl\">\n<p class=\"brz-css-vwzti\" data-uniq-id=\"fmvvr\" data-generated-css=\"brz-css-oktrl\"><strong class=\"brz-cp-color7\">10. Kontakt z Klientami poprzez Messenger<\/strong><\/p>\n<p class=\"brz-css-zskhh\" data-uniq-id=\"toqki\" data-generated-css=\"brz-css-yfdzs\"><strong class=\"brz-cp-color7\">Opis.<\/strong><span class=\"brz-cp-color7\">\u00a0Dane osobowe s\u0105 przetwarzane w celu umo\u017cliwienia Klientom kontaktu poprzez Messenger.<\/span><\/p>\n<p class=\"brz-css-mcdck\" data-uniq-id=\"iigvx\" data-generated-css=\"brz-css-aadqk\"><strong class=\"brz-cp-color7\">Zakres danych.<\/strong><span class=\"brz-cp-color7\">\u00a0Dane osobowe s\u0105 przetwarzane w celu umo\u017cliwienia Klientom kontaktu poprzez Messenger.<\/span><\/p>\n<p class=\"brz-css-elneh\" data-uniq-id=\"eppuv\" data-generated-css=\"brz-css-pbxwo\"><strong class=\"brz-cp-color7\">Podstawa prawna.<\/strong><span class=\"brz-cp-color7\">\u00a0Przetwarzanie danych osobowych jest niezb\u0119dne do podj\u0119cia dzia\u0142a\u0144, na \u017c\u0105danie osoby, kt\u00f3rej dane dotycz\u0105, przed zawarciem umowy (art. 6 ust. 1 lit. b RODO).<\/span><\/p>\n<p class=\"brz-css-fellv\" data-uniq-id=\"mjpof\" data-generated-css=\"brz-css-zysvn\"><strong class=\"brz-cp-color7\">Czas przetwarzania danych osobowych.<\/strong><span class=\"brz-cp-color7\">\u00a0Dane s\u0105 przetwarzane przez okres wynikaj\u0105cy z podstawowego celu, dla jakiego zosta\u0142y zebrane, nie d\u0142u\u017cej jednak ni\u017c przez 5 lat.<\/span><\/p>\n<p data-uniq-id=\"avtrq\" data-generated-css=\"brz-css-tskie\">\n<p class=\"brz-css-quesa\" data-uniq-id=\"avtrq\" data-generated-css=\"brz-css-tskie\"><strong class=\"brz-cp-color7\">11. Kontakt z Klientami poprzez WhatsApp<\/strong><\/p>\n<p class=\"brz-css-srwjp\" data-uniq-id=\"xsgkk\" data-generated-css=\"brz-css-crhdt\"><strong class=\"brz-cp-color7\">Opis.<\/strong><span class=\"brz-cp-color7\">\u00a0Dane osobowe s\u0105 przetwarzane w celu umo\u017cliwienia Klientom kontaktu poprzez WhatsApp<\/span><\/p>\n<p class=\"brz-css-oaehd\" data-uniq-id=\"wccea\" data-generated-css=\"brz-css-gclur\"><strong class=\"brz-cp-color7\">Zakres danych.<\/strong><span class=\"brz-cp-color7\">\u00a0Dane osobowe s\u0105 przetwarzane w celu umo\u017cliwienia Klientom kontaktu poprzez WhatsApp.<\/span><\/p>\n<p class=\"brz-css-cmugt\" data-uniq-id=\"xqimx\" data-generated-css=\"brz-css-ysvgi\"><strong class=\"brz-cp-color7\">Podstawa prawna.<\/strong><span class=\"brz-cp-color7\">\u00a0Przetwarzanie danych osobowych jest niezb\u0119dne do podj\u0119cia dzia\u0142a\u0144, na \u017c\u0105danie osoby, kt\u00f3rej dane dotycz\u0105, przed zawarciem umowy (art. 6 ust. 1 lit. b RODO).<\/span><\/p>\n<p class=\"brz-css-iuxpf\" data-uniq-id=\"eydts\" data-generated-css=\"brz-css-hykcq\"><strong class=\"brz-cp-color7\">Czas przetwarzania danych osobowych.<\/strong><span class=\"brz-cp-color7\">\u00a0Dane s\u0105 przetwarzane przez okres wynikaj\u0105cy z podstawowego celu, dla jakiego zosta\u0142y zebrane, nie d\u0142u\u017cej jednak ni\u017c przez 5 lat.<\/span><\/p>\n<p data-uniq-id=\"dncxp\" data-generated-css=\"brz-css-ewrlk\">\n<p class=\"brz-css-fyiui\" data-uniq-id=\"dncxp\" data-generated-css=\"brz-css-ewrlk\"><strong class=\"brz-cp-color7\">12. Kontakt z Kontrahentami poprzez aplikacj\u0119 Slack<\/strong><\/p>\n<p class=\"brz-css-lyaxr\" data-uniq-id=\"mcwxh\" data-generated-css=\"brz-css-wecnk\"><strong class=\"brz-cp-color7\">Opis.<\/strong><span class=\"brz-cp-color7\">\u00a0Dane osobowe s\u0105 przetwarzane w celu umo\u017cliwienia Kontrahentom kontaktu poprzez aplikacj\u0119 Slack.<\/span><\/p>\n<p class=\"brz-css-hmnil\" data-uniq-id=\"zvoij\" data-generated-css=\"brz-css-nnbmo\"><strong class=\"brz-cp-color7\">Zakres danych.<\/strong><span class=\"brz-cp-color7\">\u00a0W celu umo\u017cliwienia Kontrahentom kontaktu poprzez aplikacj\u0119 Slack przetwarzane s\u0105 nast\u0119puj\u0105ce dane osobowe : imi\u0119, nazwisko, adres,\u00a0adres e-mail, numer telefonu, wizerunek.<\/span><\/p>\n<p class=\"brz-css-hsphp\" data-uniq-id=\"hewvh\" data-generated-css=\"brz-css-wgarb\"><strong class=\"brz-cp-color7\">Podstawa prawna.<\/strong><span class=\"brz-cp-color7\">\u00a0Przetwarzanie danych osobowych jest niezb\u0119dne do podj\u0119cia dzia\u0142a\u0144, na \u017c\u0105danie osoby, kt\u00f3rej dane dotycz\u0105, przed zawarciem umowy (art. 6 ust. 1 lit. b RODO).<\/span><\/p>\n<p class=\"brz-css-yophu\" data-uniq-id=\"pzfbk\" data-generated-css=\"brz-css-pjtez\"><strong class=\"brz-cp-color7\">Czas przetwarzania danych osobowych.<\/strong><span class=\"brz-cp-color7\">\u00a0Dane osobowe s\u0105 przetwarzane przez okres wynikaj\u0105cy z podstawowego celu, dla jakiego zosta\u0142y zebrane, nie d\u0142u\u017cej jednak ni\u017c przez 5 lat.<\/span><\/p>\n<p data-uniq-id=\"khmhk\" data-generated-css=\"brz-css-ivmis\">\n<p class=\"brz-css-bmwmy\" data-uniq-id=\"khmhk\" data-generated-css=\"brz-css-ivmis\"><strong class=\"brz-cp-color7\">13. Wysy\u0142ka zam\u00f3wionego towaru<\/strong><\/p>\n<p class=\"brz-css-eqiqv\" data-uniq-id=\"iqvmw\" data-generated-css=\"brz-css-mjnpt\"><strong class=\"brz-cp-color7\">Opis.<\/strong><span class=\"brz-cp-color7\">\u00a0Dane osobowe s\u0105 przetwarzane w celu dostarczenia zam\u00f3wionego towaru Klientowi.<\/span><\/p>\n<p class=\"brz-css-wkhtn\" data-uniq-id=\"bayas\" data-generated-css=\"brz-css-tmcuf\"><strong class=\"brz-cp-color7\">Zakres danych.<\/strong><span class=\"brz-cp-color7\">\u00a0W celu \u015bwiadczenia us\u0142ugi wysy\u0142ki zam\u00f3wionego towaru Administrator przetwarza nast\u0119puj\u0105ce dane osobowe: imi\u0119, nazwisko, adres, numer telefonu<\/span><\/p>\n<p class=\"brz-css-yrslx\" data-uniq-id=\"eavca\" data-generated-css=\"brz-css-rpgpq\"><strong class=\"brz-cp-color7\">Podstawa prawna.<\/strong><span class=\"brz-cp-color7\">\u00a0Przetwarzanie danych osobowych jest niezb\u0119dne do wykonania umowy sprzeda\u017cy lub \u015bwiadczenia us\u0142ug (art. 6 ust. 1 lit. b RODO)<\/span><\/p>\n<p class=\"brz-css-fiuzd\" data-uniq-id=\"ywxne\" data-generated-css=\"brz-css-iwlfl\"><strong class=\"brz-cp-color7\">Czas przetwarzania danych osobowych.<\/strong><span class=\"brz-cp-color7\">\u00a0Dane osobowe s\u0105 przetwarzane przez czas potrzebny do zarz\u0105dzania zakupem nabytych produkt\u00f3w lub us\u0142ug, w tym ewentualnymi zwrotami, skargami czy reklamacjami zwi\u0105zanymi z okre\u015blonym produktem lub us\u0142ug\u0105. Dane przetwarzane s\u0105 najp\u00f3\u017aniej do dnia wyga\u015bni\u0119cia roszcze\u0144 z tytu\u0142u zawartej umowy sprzeda\u017cy lub \u015bwiadczenia us\u0142ug.<\/span><\/p>\n<p data-uniq-id=\"yvxgm\" data-generated-css=\"brz-css-wqiuz\">\n<p class=\"brz-css-cqaiq\" data-uniq-id=\"yvxgm\" data-generated-css=\"brz-css-wqiuz\"><strong class=\"brz-cp-color7\">14. Reklamacja produktu zakupionego za po\u015brednictwem sklepu internetowego<\/strong><\/p>\n<p class=\"brz-css-qmadt\" data-uniq-id=\"wkqcm\" data-generated-css=\"brz-css-vumxy\"><strong class=\"brz-cp-color7\">Opis.<\/strong><span class=\"brz-cp-color7\">\u00a0Dane osobowe s\u0105 przetwarzane w celu umo\u017cliwienia Klientom dokonywania reklamacji zakupionych produkt\u00f3w.<\/span><\/p>\n<p class=\"brz-css-qfhfu\" data-uniq-id=\"puyeu\" data-generated-css=\"brz-css-xwclx\"><strong class=\"brz-cp-color7\">Zakres danych.<\/strong><span class=\"brz-cp-color7\">\u00a0W celu umo\u017cliwienia Klientom dokonywania reklamacji produkt\u00f3w przetwarzane s\u0105 nast\u0119puj\u0105ce dane osobowe: imi\u0119, nazwisko, adres zamieszkania, adres e-mail, numer telefonu.<\/span><\/p>\n<p class=\"brz-css-yfnjg\" data-uniq-id=\"cokaz\" data-generated-css=\"brz-css-rozvm\"><strong class=\"brz-cp-color7\">Podstawa prawna.<\/strong><span class=\"brz-cp-color7\">\u00a0Przetwarzanie danych osobowych jest niezb\u0119dne do wype\u0142nienia obowi\u0105zku prawnego ci\u0105\u017c\u0105cego na Administratorze (przes\u0142anka legalizuj\u0105ca: art. 6 ust. 1 lit. c RODO).<\/span><\/p>\n<p class=\"brz-css-haveg\" data-uniq-id=\"oriwa\" data-generated-css=\"brz-css-metlt\"><strong class=\"brz-cp-color7\">Czas przetwarzania danych osobowych.<\/strong><span class=\"brz-cp-color7\">\u00a0Dane s\u0105 przetwarzane przez okres wynikaj\u0105cy z podstawowego celu, dla jakiego zosta\u0142y zebrane, nie d\u0142u\u017cej jednak ni\u017c przez 5 lat.<\/span><\/p>\n<p data-uniq-id=\"ljbsp\" data-generated-css=\"brz-css-whluo\">\n<p class=\"brz-css-ltfuo\" data-uniq-id=\"ljbsp\" data-generated-css=\"brz-css-whluo\"><strong class=\"brz-cp-color7\">15. Wykonywanie uprawnie\u0144 z tytu\u0142u r\u0119kojmi<\/strong><\/p>\n<p class=\"brz-css-wyqho\" data-uniq-id=\"puhao\" data-generated-css=\"brz-css-wmjay\"><strong class=\"brz-cp-color7\">Opis.<\/strong><span class=\"brz-cp-color7\">\u00a0Dane osobowe s\u0105 przetwarzane w celu umo\u017cliwienia Klientom wykonywania uprawnie\u0144 z tytu\u0142u r\u0119kojmi.<\/span><\/p>\n<p class=\"brz-css-aadbk\" data-uniq-id=\"dkhbh\" data-generated-css=\"brz-css-icpxs\"><strong class=\"brz-cp-color7\">Zakres danych.<\/strong><span class=\"brz-cp-color7\">\u00a0W celu umo\u017cliwienia Klientom korzystania z uprawnie\u0144 z r\u0119kojmii przetwarzane s\u0105 nast\u0119puj\u0105ce dane osobowe: imi\u0119, nazwisko, adres zamieszkania, adres e-mail, numer telefonu,<\/span><\/p>\n<p class=\"brz-css-aenap\" data-uniq-id=\"lxdub\" data-generated-css=\"brz-css-hmtfa\"><strong class=\"brz-cp-color7\">Podstawa prawna.<\/strong><span class=\"brz-cp-color7\">\u00a0Przetwarzanie danych osobowych jest niezb\u0119dne do wype\u0142nienia obowi\u0105zku prawnego ci\u0105\u017c\u0105cego na Administratorze<\/span><\/p>\n<p class=\"brz-css-jjbbc\" data-uniq-id=\"pokfd\" data-generated-css=\"brz-css-udhmf\"><strong class=\"brz-cp-color7\">Czas przetwarzania danych osobowych.<\/strong><span class=\"brz-cp-color7\">\u00a0Dane s\u0105 przetwarzane przez okres wynikaj\u0105cy z podstawowego celu, dla jakiego zosta\u0142y zebrane, nie d\u0142u\u017cej jednak ni\u017c przez 5 lat.<\/span><\/p>\n<p data-uniq-id=\"alutx\" data-generated-css=\"brz-css-vidwe\">\n<p class=\"brz-css-qximq\" data-uniq-id=\"alutx\" data-generated-css=\"brz-css-vidwe\"><strong class=\"brz-cp-color7\">16. Obs\u0142uga informatyczna<\/strong><\/p>\n<p class=\"brz-css-deyga\" data-uniq-id=\"sxtfe\" data-generated-css=\"brz-css-quhae\"><strong class=\"brz-cp-color7\">Opis.<\/strong><span class=\"brz-cp-color7\">\u00a0Dane osobowe s\u0105 przetwarzane w celu umo\u017cliwienia \u015bwiadczenia us\u0142ug informatycznych dostosowanych do potrzeb Klienta.<\/span><\/p>\n<p class=\"brz-css-yeclp\" data-uniq-id=\"dnwgb\" data-generated-css=\"brz-css-qqrbf\"><strong class=\"brz-cp-color7\">Zakres danych.<\/strong><span class=\"brz-cp-color7\">\u00a0W zwi\u0105zku z obs\u0142ug\u0105 informatyczn\u0105 Administrator Danych Osobowych przetwarza dane osobowe takie jak: imi\u0119, nazwisko, adres e-mail, numer telefonu.<\/span><\/p>\n<p class=\"brz-css-knczx\" data-uniq-id=\"wxnpe\" data-generated-css=\"brz-css-kvpww\"><strong class=\"brz-cp-color7\">Podstawa prawna.<\/strong><span class=\"brz-cp-color7\">\u00a0Podstaw\u0105 przetwarzania danych osobowych jest uzasadniony interes Administratora polegaj\u0105cy na zapewnieniu w\u0142a\u015bciwej obs\u0142ugi informatycznej (art. 6 ust. 1 lit. f RODO).<\/span><\/p>\n<p class=\"brz-css-dhogn\" data-uniq-id=\"vpfau\" data-generated-css=\"brz-css-wejba\"><strong class=\"brz-cp-color7\">Czas przetwarzania danych osobowych.<\/strong><span class=\"brz-cp-color7\">\u00a0Dane osobowe s\u0105 przetwarzane przez okres wynikaj\u0105cy z podstawowego celu, dla jakiego zosta\u0142y zebrane, nie d\u0142u\u017cej jednak ni\u017c przez 5 lat.<\/span><\/p>\n<p data-uniq-id=\"hiifl\" data-generated-css=\"brz-css-fyoch\">\n<p class=\"brz-css-gvrzy\" data-uniq-id=\"hiifl\" data-generated-css=\"brz-css-fyoch\"><strong class=\"brz-cp-color7\">17. Statystyka korzystania z poszczeg\u00f3lnych funkcjonalno\u015bci Sklepu Internetowego oraz u\u0142atwienie korzystania ze strony internetowej, na kt\u00f3rej znajduje si\u0119 sklep internetowy, zapewnienie bezpiecze\u0144stwa informatycznego serwisu<\/strong><\/p>\n<p class=\"brz-css-oabpz\" data-uniq-id=\"rgcpp\" data-generated-css=\"brz-css-owsbw\"><strong class=\"brz-cp-color7\">Opis.<\/strong><span class=\"brz-cp-color7\">\u00a0Dane s\u0105 przetwarzane w celu:<\/span><\/p>\n<ul>\n<li class=\"brz-css-pjmfi\" data-uniq-id=\"epctg\" data-generated-css=\"brz-css-zabdh\"><span class=\"brz-cp-color7\">zapewnienia lepszej obs\u0142ugi Klient\u00f3w oraz Kontrahent\u00f3w korzystaj\u0105cych z us\u0142ug Administratora,<\/span><\/li>\n<li class=\"brz-css-kqssj\" data-uniq-id=\"dfeiz\" data-generated-css=\"brz-css-zyykc\"><span class=\"brz-cp-color7\">analizy danych statystycznych i dostosowania stron internetowych do preferencji odwiedzaj\u0105cych,<\/span><\/li>\n<li class=\"brz-css-vezyw\" data-uniq-id=\"uyqct\" data-generated-css=\"brz-css-guasg\"><span class=\"brz-cp-color7\">\u2013 administrowania stronami internetowymi, w tym sklepem internetowym.<\/span><\/li>\n<\/ul>\n<p class=\"brz-css-lrcoc\" data-uniq-id=\"nopro\" data-generated-css=\"brz-css-qenel\"><strong class=\"brz-cp-color7\">Zakres danych.<\/strong><span class=\"brz-cp-color7\">\u00a0Administrator przetwarza nast\u0119puj\u0105ce dane osobowe dotycz\u0105ce aktywno\u015bci Klienta na stronach internetowych Administratora, w tym w tak\u017ce w sklepie internetowym: odwiedzane strony i podstrony, ilo\u015b\u0107 sp\u0119dzanego na ka\u017cdej z nich czasu, jak r\u00f3wnie\u017c dane dotycz\u0105ce historii wyszukiwania, adresu IP, lokalizacji, ID urz\u0105dzenia oraz dane dotycz\u0105ce przegl\u0105darki oraz systemu operacyjnego.<\/span><\/p>\n<p class=\"brz-css-rlxtq\" data-uniq-id=\"vymxl\" data-generated-css=\"brz-css-ntrcf\"><strong class=\"brz-cp-color7\">Podstawa prawna.<\/strong><span class=\"brz-cp-color7\">\u00a0Przetwarzanie danych osobowych jest niezb\u0119dne do wykonania umowy lub \u015bwiadczenia us\u0142ug (przes\u0142anka legalizuj\u0105ca: art. 6 ust. 1 lit. b RODO).<\/span><\/p>\n<p class=\"brz-css-szail\" data-uniq-id=\"peoom\" data-generated-css=\"brz-css-hvutb\"><strong class=\"brz-cp-color7\">Czas przetwarzania danych osobowych.<\/strong><span class=\"brz-cp-color7\">\u00a0Dane s\u0105 przetwarzane przez okres wynikaj\u0105cy z podstawowego celu, dla jakiego zosta\u0142y zebrane, nie d\u0142u\u017cej jednak ni\u017c przez 5 lat.<\/span><\/p>\n<p data-uniq-id=\"rgbat\" data-generated-css=\"brz-css-pezco\">\n<p class=\"brz-css-kbtxh\" data-uniq-id=\"rgbat\" data-generated-css=\"brz-css-pezco\"><strong class=\"brz-cp-color7\">18. Ksi\u0119gowo\u015b\u0107, rachunkowo\u015b\u0107<\/strong><\/p>\n<p class=\"brz-css-zkibp\" data-uniq-id=\"swjny\" data-generated-css=\"brz-css-ypiqv\"><strong class=\"brz-cp-color7\">Opis.<\/strong><span class=\"brz-cp-color7\">\u00a0Dane osobowe s\u0105 przetwarzane w celu:<\/span><\/p>\n<ul>\n<li class=\"brz-css-qncqx\" data-uniq-id=\"kpyyh\" data-generated-css=\"brz-css-kaajw\"><span class=\"brz-cp-color7\">prowadzenia rachunkowo\u015bci (ksi\u0119ga przychod\u00f3w lub rozchod\u00f3w, ew. ksi\u0119gi rachunkowe),<\/span><\/li>\n<li class=\"brz-css-pccok\" data-uniq-id=\"qwags\" data-generated-css=\"brz-css-wxqhw\"><span class=\"brz-cp-color7\">prowadzenia ewidencji VAT,<\/span><\/li>\n<li class=\"brz-css-lykkh\" data-uniq-id=\"uvoef\" data-generated-css=\"brz-css-rqvzq\"><span class=\"brz-cp-color7\">sporz\u0105dzania miesi\u0119cznych i rocznych deklaracji podatkowych,<\/span><\/li>\n<li class=\"brz-css-onusl\" data-uniq-id=\"jmsej\" data-generated-css=\"brz-css-sznso\"><span class=\"brz-cp-color7\">sporz\u0105dzania sprawozda\u0144 do urz\u0119du skarbowego oraz statystycznego,<\/span><\/li>\n<li class=\"brz-css-kabqo\" data-uniq-id=\"rapnv\" data-generated-css=\"brz-css-ngyrq\"><span class=\"brz-cp-color7\">sporz\u0105dzania sprawozda\u0144 finansowych.<\/span><\/li>\n<\/ul>\n<p class=\"brz-css-udwje\" data-uniq-id=\"raqwu\" data-generated-css=\"brz-css-enqtp\"><strong class=\"brz-cp-color7\">Zakres danych.<\/strong><span class=\"brz-cp-color7\">\u00a0W tym celu Administrator przetwarza: imi\u0119, nazwisko, adres, nazwa prowadzonej dzia\u0142alno\u015bci gospodarczej, NIP, adres prowadzonej dzia\u0142alno\u015bci gospodarczej), numer rachunku bankowego.<\/span><\/p>\n<p class=\"brz-css-ollje\" data-uniq-id=\"uupjx\" data-generated-css=\"brz-css-nvtwu\"><strong class=\"brz-cp-color7\">Podstawa prawna.<\/strong><span class=\"brz-cp-color7\">\u00a0Podstaw\u0105 prawn\u0105 przetwarzania danych osobowych jest konieczno\u015b\u0107 spe\u0142nienia przez Administratora obowi\u0105zk\u00f3w ci\u0105\u017c\u0105cych na niego na mocy przepis\u00f3w prawa (art. 6 ust. 1 lit. c RODO).<\/span><\/p>\n<p class=\"brz-css-vlmzi\" data-uniq-id=\"suvkb\" data-generated-css=\"brz-css-wjfid\"><strong class=\"brz-cp-color7\">Czas przetwarzania danych osobowych.<\/strong><span class=\"brz-cp-color7\">\u00a0Dane osobowe s\u0105 przetwarzane przez Administratora przez okres przechowywania dokumentacji ksi\u0119gowej, rachunkowej, podatkowej, kadrowo-p\u0142acowej. Wystawione paragony imienne i faktury VAT Administrator przechowuje do dnia wyga\u015bni\u0119cia zobowi\u0105za\u0144 podatkowych, czyli przez 5 lat, licz\u0105c od dnia ko\u0144ca roku kalendarzowego, w kt\u00f3rym up\u0142yn\u0105\u0142 termin p\u0142atno\u015bci podatku.<\/span><\/p>\n<p data-uniq-id=\"kfhvf\" data-generated-css=\"brz-css-szwxu\">\n<p class=\"brz-css-pxeol\" data-uniq-id=\"kfhvf\" data-generated-css=\"brz-css-szwxu\"><strong class=\"brz-cp-color7\">19. Ustalenie, dochodzenie i egzekucja roszcze\u0144<\/strong><\/p>\n<p class=\"brz-css-vmfaz\" data-uniq-id=\"lhyld\" data-generated-css=\"brz-css-kcmsw\"><strong class=\"brz-cp-color7\">Opis.<\/strong><span class=\"brz-cp-color7\">\u00a0Dochodzenie roszcze\u0144 z tytu\u0142u prowadzonej dzia\u0142alno\u015bci gospodarczej. Prowadzenie rachunkowo\u015bci, spe\u0142nienie obowi\u0105zk\u00f3w podatkowych, egzekucja zap\u0142aty za \u015bwiadczone us\u0142ugi.<\/span><\/p>\n<p class=\"brz-css-tghhm\" data-uniq-id=\"kakxw\" data-generated-css=\"brz-css-kmlub\"><strong class=\"brz-cp-color7\">Zakres danych.<\/strong><span class=\"brz-cp-color7\">\u00a0W zwi\u0105zku z ustaleniem, dochodzeniem i egzekucj\u0105 roszcze\u0144 przetwarzane s\u0105 nast\u0119puj\u0105ce dane osobowe imi\u0119, nazwisko, adres zamieszkania, numer telefonu.<\/span><\/p>\n<p class=\"brz-css-shawz\" data-uniq-id=\"wqrhx\" data-generated-css=\"brz-css-imucr\"><strong class=\"brz-cp-color7\">Podstawa prawna.<\/strong><span class=\"brz-cp-color7\">\u00a0Prawnie uzasadniony interes \u2013 dochodzenie roszcze\u0144 i obrona praw (art. 6 ust. 1 lit. c RODO w zw. z art. 74 ust. 2 ustawy o rachunkowo\u015bci jako tzw. prawnie uzasadniony interes administratora)<\/span><\/p>\n<p class=\"brz-css-jcqdz\" data-uniq-id=\"kwmkw\" data-generated-css=\"brz-css-ztcje\"><strong class=\"brz-cp-color7\">Czas przetwarzania danych osobowych.<\/strong><span class=\"brz-cp-color7\">\u00a0Dane s\u0105 przetwarzane przez okres przedawnienia roszcze\u0144, wynikaj\u0105cy z przepis\u00f3w Kodeksu Cywilnego. Wszelkie dane przetwarzane na potrzeby rachunkowo\u015bci oraz ze wzgl\u0119d\u00f3w podatkowych przetwarzamy przez 5 lat liczonych od ko\u0144ca roku kalendarzowego, w kt\u00f3rym powsta\u0142 obowi\u0105zek podatkowy. Po up\u0142ywie wy\u017cej wymienionych okres\u00f3w dane s\u0105 usuwane lub poddawane anonimizacji.<\/span><\/p>\n<p data-uniq-id=\"wjuky\" data-generated-css=\"brz-css-unswk\">\n<p class=\"brz-css-volrl\" data-uniq-id=\"wjuky\" data-generated-css=\"brz-css-unswk\"><strong class=\"brz-cp-color7\">20. Kontakt z Klientem- rozpatrywanie skarg, wniosk\u00f3w, zapyta\u0144<\/strong><\/p>\n<p class=\"brz-css-fxpzj\" data-uniq-id=\"freyc\" data-generated-css=\"brz-css-hxiet\"><strong class=\"brz-cp-color7\">Opis.<\/strong><span class=\"brz-cp-color7\">\u00a0Dane osobowe s\u0105 przetwarzane w celu rozpatrzenia skarg, wniosk\u00f3w, zapyta\u0144.<\/span><\/p>\n<p class=\"brz-css-soykm\" data-uniq-id=\"qjpru\" data-generated-css=\"brz-css-ufsog\"><strong class=\"brz-cp-color7\">Zakres danych.<\/strong><span class=\"brz-cp-color7\">\u00a0W tym celu Administrator przetwarza: imi\u0119, nazwisko, adres, e-mail, telefon.<\/span><\/p>\n<p class=\"brz-css-szrjt\" data-uniq-id=\"udjyr\" data-generated-css=\"brz-css-qhpyz\"><strong class=\"brz-cp-color7\">Podstawa prawna.<\/strong><span class=\"brz-cp-color7\">\u00a0Podstaw\u0105 prawn\u0105 przetwarzania danych osobowych jest art. 6 ust. 1 lit f uzasadniony interes prawny Administratora polegaj\u0105cy na ulepszaniu i podnoszeniu jako\u015bci \u015bwiadczonych produkt\u00f3w i us\u0142ug.<\/span><\/p>\n<p class=\"brz-css-ouabn\" data-uniq-id=\"dbhkk\" data-generated-css=\"brz-css-lqhad\"><strong class=\"brz-cp-color7\">Czas przetwarzania danych osobowych.<\/strong><span class=\"brz-cp-color7\">\u00a0Dane s\u0105 przetwarzane przez okres wynikaj\u0105cy z podstawowego celu, dla jakiego zosta\u0142y zebrane, nie d\u0142u\u017cej jednak ni\u017c przez 5 lat.<\/span><\/p>\n<p data-uniq-id=\"vuqpi\" data-generated-css=\"brz-css-qerbt\">\n<p class=\"brz-css-sackx\" data-uniq-id=\"vuqpi\" data-generated-css=\"brz-css-qerbt\"><strong class=\"brz-cp-color7\">21. Analiza niepo\u017c\u0105danych skutk\u00f3w ubocznych zastosowanych kosmetyk\u00f3w i produkt\u00f3w farmaceutycznych<\/strong><\/p>\n<p class=\"brz-css-rcmgt\" data-uniq-id=\"eucrg\" data-generated-css=\"brz-css-vibaz\"><strong class=\"brz-cp-color7\">Opis.<\/strong><span class=\"brz-cp-color7\">\u00a0Dane osobowe s\u0105 przetwarzane w celu analizy i nast\u0119pnie wyeliminowania niepo\u017c\u0105danych skutk\u00f3w ubocznych<\/span><\/p>\n<p class=\"brz-css-cpcqf\" data-uniq-id=\"nimop\" data-generated-css=\"brz-css-ilzjn\"><strong class=\"brz-cp-color7\">Zakres danych.<\/strong><span class=\"brz-cp-color7\">\u00a0Administrator Danych Osobowych przetwarza dane osobowe Klient\u00f3w takie jak: imi\u0119, nazwisko, adres zamieszkania, telefon e-mail, ewentualnie dane wra\u017cliwe dotycz\u0105ce stanu zdrowia.<\/span><\/p>\n<p class=\"brz-css-agspp\" data-uniq-id=\"rcnwu\" data-generated-css=\"brz-css-xyhcc\"><strong class=\"brz-cp-color7\">Podstawa prawna.<\/strong><span class=\"brz-cp-color7\">\u00a0Podstaw\u0105 przetwarzania danych osobowych jest art.6 ust. 1 lit f uzasadniony interes prawny Administratora polegaj\u0105cy na wyeliminowaniu niepo\u017c\u0105danych skutk\u00f3w ubocznych zastosowanych produkt\u00f3w.<\/span><\/p>\n<p class=\"brz-css-kbyhb\" data-uniq-id=\"yteti\" data-generated-css=\"brz-css-cogvv\"><strong class=\"brz-cp-color7\">Czas przechowywania danych osobowych.<\/strong><span class=\"brz-cp-color7\">\u00a0Dane s\u0105 przetwarzane przez okres wynikaj\u0105cy z podstawowego celu, dla jakiego zosta\u0142y zebrane, nie d\u0142u\u017cej jednak ni\u017c przez 5 lat.<\/span><\/p>\n<p class=\"brz-css-vuvcv\" data-uniq-id=\"bnvav\" data-generated-css=\"brz-css-zxxoh\"><strong class=\"brz-cp-color7\">Czas przetwarzania danych osobowych.<\/strong><span class=\"brz-cp-color7\">\u00a0Dane osobowe s\u0105 przetwarzane przez czas korzystania przez osob\u0119 fizyczn\u0105 ze stron udost\u0119pnionych przez Administratora poprzez Facebook<\/span><\/p>\n<p data-uniq-id=\"mwbbw\" data-generated-css=\"brz-css-tuvae\">\n<p class=\"brz-css-lozfx\" data-uniq-id=\"mwbbw\" data-generated-css=\"brz-css-tuvae\"><strong class=\"brz-cp-color7\">22. Korzystania z us\u0142ug podmiot\u00f3w trzecich lub zakup towar\u00f3w od podmiot\u00f3w trzecich dla potrzeb prowadzenia bie\u017c\u0105cej dzia\u0142alno\u015bci gospodarczej przez ALBA THYMENT sp. z o.o.<\/strong><\/p>\n<p class=\"brz-css-tywll\" data-uniq-id=\"lrkfk\" data-generated-css=\"brz-css-ucppl\"><strong class=\"brz-cp-color7\">Opis.<\/strong><span class=\"brz-cp-color7\">\u00a0W zwi\u0105zku z prowadzon\u0105 dzia\u0142alno\u015bci\u0105 gospodarcz\u0105 korzystamy z dostaw towar\u00f3w i us\u0142ug od os\u00f3b trzecich.<\/span><\/p>\n<p class=\"brz-css-erviz\" data-uniq-id=\"vknpi\" data-generated-css=\"brz-css-cwzme\"><strong class=\"brz-cp-color7\">Zakres danych.<\/strong><span class=\"brz-cp-color7\">\u00a0W tym celu przetwarzamy dane osobowe:<\/span><\/p>\n<ul>\n<li class=\"brz-css-xzrya\" data-uniq-id=\"vknpi\" data-generated-css=\"brz-css-cwzme\"><span class=\"brz-cp-color7\">Reprezentanta Kontrahenta \u2013 imi\u0119, nazwisko, funkcj\u0119\/ stanowisko, s\u0142u\u017cbowy adres e-mail, s\u0142u\u017cbowy, nr telefonu, nazw\u0119 firmy, kt\u00f3r\u0105 Reprezentant reprezentuje,<\/span><\/li>\n<li class=\"brz-css-sxbiw\" data-uniq-id=\"virer\" data-generated-css=\"brz-css-ngufm\"><span class=\"brz-cp-color7\">Kontrahenta (osoby fizycznej prowadz\u0105cej dzia\u0142alno\u015b\u0107 gospodarcz\u0105) \u2013 imi\u0119, nazwisko, nazwa prowadzonej dzia\u0142alno\u015bci gospodarczej, NIP, adres prowadzonej dzia\u0142alno\u015bci gospodarczej, numer rachunku bankowego.<\/span><\/li>\n<\/ul>\n<p class=\"brz-css-fykpz\" data-uniq-id=\"zxbcr\" data-generated-css=\"brz-css-xgzom\"><strong class=\"brz-cp-color7\">Podstawa prawna.<\/strong><span class=\"brz-cp-color7\">\u00a0Dane osobowe s\u0105 przetwarzane na podstawie art. 6 ust. 1 lit. b RODO, tj. w zwi\u0105zku z negocjacjami, zawarciem i wykonaniem umowy \u015bwiadczenia us\u0142ug zawartej pomi\u0119dzy ALBA THYMENT sp. z o.o. a Kontrahentem. Ponadto podstaw\u0105 przetwarzania danych osobowych jest art. 6 ust. 1 lit. f RODO, tj. prawnie uzasadniony interes Administratora Danych Osobowych, wynikaj\u0105cy z niezb\u0119dno\u015bci przetwarzania danych osobowych dla realizacji dzia\u0142a\u0144 i zamierze\u0144 gospodarczych Administratora (dochodzenie i obrona przed roszczeniami, zapobieganie oszustwom, zapewnienie bezpiecze\u0144stwa \u015brodowiska teleinformatycznego).<\/span><\/p>\n<p class=\"brz-css-ffbak\" data-uniq-id=\"dgcyd\" data-generated-css=\"brz-css-jydpb\"><strong class=\"brz-cp-color7\">Czas przetwarzania danych osobowych.<\/strong><span class=\"brz-cp-color7\">\u00a0Dane osobowe s\u0105 przetwarzane przez czas prowadzenia wsp\u00f3\u0142pracy gospodarczej, maksymalnie przez okres 3 lat od dnia ostatniego kontaktu pomi\u0119dzy Administratorem a Reprezentantem Kontrahenta (a d\u0142u\u017cej jedynie do czasu wyga\u015bni\u0119cia roszcze\u0144 z tytu\u0142u zawartej umowy stron). Dane osobowe wynikaj\u0105ce z faktur s\u0105 przetwarzane przez okres przechowywania faktur VAT, wymaganych przez przepisy prawa, tj. przez 5 lat, licz\u0105c od ko\u0144ca roku kalendarzowego, w kt\u00f3rym up\u0142yn\u0105\u0142 termin p\u0142atno\u015bci podatku VAT z tytu\u0142u faktury VAT.<\/span><\/p>\n<p data-uniq-id=\"pnorw\" data-generated-css=\"brz-css-iddvf\">\n<p class=\"brz-css-rmnhx\" data-uniq-id=\"pnorw\" data-generated-css=\"brz-css-iddvf\"><strong class=\"brz-cp-color7\">23. Reklamacja zakupionych towar\u00f3w przez kontrahenta<\/strong><\/p>\n<p class=\"brz-css-hfojq\" data-uniq-id=\"qwdei\" data-generated-css=\"brz-css-hhjce\"><strong class=\"brz-cp-color7\">Opis.<\/strong><span class=\"brz-cp-color7\">\u00a0Dane osobowe Reprezentant\u00f3w Kontrahent\u00f3w s\u0105 przetwarzane w celu umo\u017cliwienia dokonywania reklamacji zakupionego towaru<\/span><\/p>\n<p class=\"brz-css-xbjvq\" data-uniq-id=\"ckyff\" data-generated-css=\"brz-css-qdkbq\"><strong class=\"brz-cp-color7\">Zakres danych.<\/strong><span class=\"brz-cp-color7\">\u00a0Administrator danych osobowych przetwarza dane osobowe kontrahent\u00f3w takie jak: imi\u0119 i nazwisko, stanowisko s\u0142u\u017cbowe (oraz informacja o firmie, w kt\u00f3rej osoba jest zatrudniona), korespondencyjny adres s\u0142u\u017cbowy, s\u0142u\u017cbowy adres e-mail oraz s\u0142u\u017cbowy numer telefonu<\/span><\/p>\n<p class=\"brz-css-rigwr\" data-uniq-id=\"mqkqt\" data-generated-css=\"brz-css-tsixh\"><strong class=\"brz-cp-color7\">Podstawa prawna.<\/strong><span class=\"brz-cp-color7\">\u00a0Podstaw\u0105 prawn\u0105 jest przes\u0142anka legalizuj\u0105ca: art. 6 ust. 1 lit. f RODO oraz art. 6 ust. 1 lit. b RODO<\/span><\/p>\n<p class=\"brz-css-eujcq\" data-uniq-id=\"cxerd\" data-generated-css=\"brz-css-qzbdw\"><strong class=\"brz-cp-color7\">Czas przetwarzania danych osobowych.<\/strong><span class=\"brz-cp-color7\">\u00a0Dane osobowe Reprezentant\u00f3w Kontrahent\u00f3w b\u0119d\u0105 przechowywane przez okres prowadzenia wsp\u00f3\u0142pracy gospodarczej, a tak\u017ce po jej zako\u0144czeniu, gdy istniej\u0105 uzasadnione przes\u0142anki, \u017ce wsp\u00f3\u0142praca ta b\u0119dzie wznowiona lub do czasu przedawnienia roszcze\u0144,<\/span><\/p>\n<p data-uniq-id=\"pkmcr\" data-generated-css=\"brz-css-kvdrr\">\n<p class=\"brz-css-gacfl\" data-uniq-id=\"pkmcr\" data-generated-css=\"brz-css-kvdrr\"><strong class=\"brz-cp-color7\">24. Monitorowanie siedziby sp\u00f3\u0142ki wy\u0142\u0105cznie na zewn\u0105trz. Przetwarzanie wizerunku pracownik\u00f3w, kupuj\u0105cych w tym os\u00f3b fizycznych , odbieraj\u0105cych osobi\u015bcie zakupiony towar oraz kontrahent\u00f3w<\/strong><\/p>\n<p class=\"brz-css-pbmhq\" data-uniq-id=\"gddgl\" data-generated-css=\"brz-css-igqig\"><strong class=\"brz-cp-color7\">Opis.<\/strong><span class=\"brz-cp-color7\">\u00a0Dane osobowe s\u0105 przetwarzane w celu zapewnienia bezpiecze\u0144stwa os\u00f3b i mienia na terenie siedziby Administratora Danych<\/span><\/p>\n<p class=\"brz-css-dybjy\" data-uniq-id=\"pagwq\" data-generated-css=\"brz-css-agkbw\"><strong class=\"brz-cp-color7\">Zakres danych.<\/strong><span class=\"brz-cp-color7\">\u00a0Administrator danych osobowych przetwarza wizerunek<\/span><\/p>\n<p class=\"brz-css-pyfny\" data-uniq-id=\"chimx\" data-generated-css=\"brz-css-adzxr\"><strong class=\"brz-cp-color7\">Podstawa prawna.<\/strong><span class=\"brz-cp-color7\">\u00a0Podstaw\u0105 prawn\u0105 jest Przes\u0142anka legalizuj\u0105ca: art. 6 ust. 1 lit. f RODO<\/span><\/p>\n<p class=\"brz-css-ogalx\" data-uniq-id=\"bxjdn\" data-generated-css=\"brz-css-cfcid\"><strong class=\"brz-cp-color7\">Czas przetwarzania danych osobowych.<\/strong><span class=\"brz-cp-color7\">\u00a0Dane s\u0105 przetwarzane przez okres wynikaj\u0105cy z podstawowego celu, dla jakiego zosta\u0142y zebrane, nie d\u0142u\u017cej jednak ni\u017c przez okres 6 miesi\u0119cy<\/span><\/p>\n<p class=\"brz-css-gsdpc\" data-uniq-id=\"iffya\" data-generated-css=\"brz-css-lnnyq\"><strong class=\"brz-cp-color7\">Komu przekazywane s\u0105 moje dane osobowe?<\/strong><\/p>\n<p class=\"brz-css-bzwpz\" data-uniq-id=\"hmkds\" data-generated-css=\"brz-css-kwvhg\"><span class=\"brz-cp-color7\">Administrator Danych Osobowych, z najwy\u017csz\u0105 staranno\u015bci\u0105 dba o poufno\u015b\u0107 Twoich danych osobowych. Z uwagi na konieczno\u015b\u0107 wype\u0142nienia zobowi\u0105za\u0144 umownych oraz zapewnienia prawid\u0142owego wykonywania us\u0142ug na rzecz naszych Klient\u00f3w, dane osobowe s\u0105 przekazywane wskazanym poni\u017cej osobom.<\/span><\/p>\n<p class=\"brz-css-izyyq\" data-uniq-id=\"taquy\" data-generated-css=\"brz-css-asfda\"><strong class=\"brz-cp-color7\">Dostawcy us\u0142ug<\/strong><\/p>\n<p class=\"brz-css-vhfgf\" data-uniq-id=\"aocjb\" data-generated-css=\"brz-css-aomxj\"><span class=\"brz-cp-color7\">Twoje dane osobowe przekazujemy tak\u017ce dostawcom us\u0142ug, z kt\u00f3rych korzystamy przy prowadzeniu naszej dzia\u0142alno\u015bci. Dostawcy zaopatruj\u0105 Administratora w rozwi\u0105zania techniczne oraz organizacyjne, umo\u017cliwiaj\u0105ce \u015bwiadczenie us\u0142ug na rzecz Klient\u00f3w oraz zarz\u0105dzanie organizacyjne. Dane przekazujemy np. podmiotom \u015bwiadcz\u0105cym na rzecz Administratora us\u0142ugi informatyczne oraz obs\u0142ug\u0119 system\u00f3w informatycznych np. dostawcom oprogramowania, w tym tak\u017ce dostawcom serwer\u00f3w, na kt\u00f3rych przechowywane s\u0105 dane osobowe.<\/span><\/p>\n<p class=\"brz-css-hmrcz\" data-uniq-id=\"ddsxv\" data-generated-css=\"brz-css-igzon\"><strong class=\"brz-cp-color7\">Organy pa\u0144stwowe<\/strong><\/p>\n<p class=\"brz-css-zpwuv\" data-uniq-id=\"fiedv\" data-generated-css=\"brz-css-qidqz\"><span class=\"brz-cp-color7\">Udost\u0119pniamy Twoje dane osobowe, je\u017celi zwr\u00f3c\u0105 si\u0119 do nas o to uprawnione organy pa\u0144stwowe, w szczeg\u00f3lno\u015bci jednostki organizacyjne prokuratury, Policja, Prezes Urz\u0119du Ochrony Danych Osobowych, Prezes Urz\u0119du Ochrony Konkurencji i Konsument\u00f3w lub Prezes Urz\u0119du Komunikacji Elektronicznej.<\/span><\/p>\n<p class=\"brz-css-hfxjo\" data-uniq-id=\"uoqkk\" data-generated-css=\"brz-css-ioity\"><span class=\"brz-cp-color7\">Administrator przekazuje dane osobowe poza obszar Unii Europejskiej, a tak\u017ce poza Europejski Obszar Gospodarczy.<\/span><\/p>\n<p class=\"brz-css-lmzjd\" data-uniq-id=\"wqcof\" data-generated-css=\"brz-css-fjgnc\"><strong class=\"brz-cp-color7\">Czy podanie danych jest moim obowi\u0105zkiem?<\/strong><\/p>\n<p class=\"brz-css-lvtrb\" data-uniq-id=\"earbo\" data-generated-css=\"brz-css-phqwc\"><span class=\"brz-cp-color7\">Podanie niekt\u00f3rych danych jest warunkiem skorzystania z poszczeg\u00f3lnych us\u0142ug oferowanych przez Administratora (dane obligatoryjne). Nasz system automatycznie oznacza dane obligatoryjne. Konsekwencj\u0105 niepodania tych danych jest brak mo\u017cliwo\u015bci \u015bwiadczenia przez nas okre\u015blonych us\u0142ug na Twoj\u0105 rzecz. Poza danymi oznaczonymi jako obligatoryjne, podanie innych danych osobowych jest dobrowolne. Twoje dane osobowe nie b\u0119d\u0105 przetwarzane w celu zautomatyzowanego podejmowania decyzji.<\/span><\/p>\n<p class=\"brz-css-ifkho\" data-uniq-id=\"zgudx\" data-generated-css=\"brz-css-ircwn\"><strong class=\"brz-cp-color7\">Jakie mam prawa?<\/strong><\/p>\n<p class=\"brz-css-hamsk\" data-uniq-id=\"ktbpm\" data-generated-css=\"brz-css-vugqd\"><span class=\"brz-cp-color7\">Administrator, w zwi\u0105zku z przetwarzaniem Twoich danych osobowych, zapewnia realizacj\u0119 Twoich praw zwi\u0105zanych Z przetwarzaniem danych osobowych, opisanych poni\u017cej. Mo\u017cesz realizowa\u0107 swoje prawa przez zg\u0142oszenie \u017c\u0105dania na:<\/span><\/p>\n<p class=\"brz-css-sgsoz\" data-uniq-id=\"odgmi\" data-generated-css=\"brz-css-ykvkw\"><strong class=\"brz-cp-color7\">pod adresem e-mail:<\/strong><span class=\"brz-cp-color7\">\u00a0iod@albathyment.com.pl,<\/span><\/p>\n<p class=\"brz-css-bxiuh\" data-uniq-id=\"kuipc\" data-generated-css=\"brz-css-xrvuf\"><strong class=\"brz-cp-color7\">pod numerem telefonu:<\/strong><span class=\"brz-cp-color7\">\u00a0618115407,<\/span><\/p>\n<p class=\"brz-css-apvrs\" data-uniq-id=\"dprxa\" data-generated-css=\"brz-css-vlchs\"><strong class=\"brz-cp-color7\">listowanie pod adresem:<\/strong><span class=\"brz-cp-color7\">\u00a0ALBA THYMENT sp. z o.o. ul. Szkolna 98, Suchy Las 62-002<\/span><\/p>\n<p class=\"brz-css-mxley\" data-uniq-id=\"fndod\" data-generated-css=\"brz-css-tyfaf\"><strong class=\"brz-cp-color7\">W zwi\u0105zku z przetwarzaniem Twoich danych osobowych masz prawo do:<\/strong><\/p>\n<p class=\"brz-css-srcjx\" data-uniq-id=\"vtiia\" data-generated-css=\"brz-css-qnvek\"><span class=\"brz-cp-color7\">cofni\u0119cia zgody na przetwarzanie danych osobowych,<\/span><\/p>\n<p class=\"brz-css-bjmsm\" data-uniq-id=\"myssx\" data-generated-css=\"brz-css-kavds\"><span class=\"brz-cp-color7\">z\u0142o\u017cenia sprzeciwu wobec wykorzystania danych,<\/span><\/p>\n<p class=\"brz-css-whohh\" data-uniq-id=\"fappx\" data-generated-css=\"brz-css-kvjvx\"><span class=\"brz-cp-color7\">\u017c\u0105dania usuni\u0119cia danych (tzw. \u201eprawo do bycia zapomnianym\u201d),<\/span><\/p>\n<p class=\"brz-css-tpkwn\" data-uniq-id=\"numrc\" data-generated-css=\"brz-css-gfwvm\"><span class=\"brz-cp-color7\">\u017c\u0105dania ograniczenia przetwarzania danych,<\/span><\/p>\n<p class=\"brz-css-cdxol\" data-uniq-id=\"tmiqq\" data-generated-css=\"brz-css-rsalu\"><span class=\"brz-cp-color7\">dost\u0119pu do danych,<\/span><\/p>\n<p class=\"brz-css-vfupq\" data-uniq-id=\"offdv\" data-generated-css=\"brz-css-awkue\"><span class=\"brz-cp-color7\">\u017c\u0105dania sprostowania danych,<\/span><\/p>\n<p class=\"brz-css-xzfaq\" data-uniq-id=\"mxmdt\" data-generated-css=\"brz-css-qtzos\"><span class=\"brz-cp-color7\">przenoszenia danych do innego administratora.<\/span><\/p>\n<p class=\"brz-css-noaxd\" data-uniq-id=\"hvspx\" data-generated-css=\"brz-css-ddkwr\"><strong class=\"brz-cp-color7\">W jakim czasie spe\u0142niamy Twoje \u017c\u0105danie?<\/strong><\/p>\n<p class=\"brz-css-yojbf\" data-uniq-id=\"rxsom\" data-generated-css=\"brz-css-kvjnx\"><span class=\"brz-cp-color7\">Je\u017celi, w wykonaniu wymienionych powy\u017cej uprawnie\u0144, wyst\u0119pujesz do nas z \u017c\u0105daniem, spe\u0142niamy to \u017c\u0105danie albo odmawiamy jego spe\u0142nienia niezw\u0142ocznie, nie p\u00f3\u017aniej jednak ni\u017c w ci\u0105gu miesi\u0105ca po jego otrzymaniu. Je\u017celi jednak \u2013 z uwagi na skomplikowany charakter \u017c\u0105dania lub liczb\u0119 \u017c\u0105da\u0144 \u2013 nie b\u0119dziemy mogli spe\u0142ni\u0107 Twojego \u017c\u0105dania w ci\u0105gu miesi\u0105ca, spe\u0142nimy je w ci\u0105gu kolejnych dw\u00f3ch miesi\u0119cy informuj\u0105c Ci\u0119 uprzednio o zamierzonym przed\u0142u\u017ceniu terminu.<\/span><\/p>\n<p class=\"brz-css-qjuhy\" data-uniq-id=\"bksjm\" data-generated-css=\"brz-css-twxde\"><strong class=\"brz-cp-color7\">Prawo do z\u0142o\u017cenia skargi<\/strong><\/p>\n<p class=\"brz-css-yfzws\" data-uniq-id=\"zysgv\" data-generated-css=\"brz-css-zpejt\"><span class=\"brz-cp-color7\">Je\u015bli przetwarzanie danych osobowych narusza przepisy prawa, mo\u017cesz z\u0142o\u017cy\u0107 skarg\u0119 do organu nadzorczego na przetwarzanie danych osobowych przez Administratora Danych Osobowych. Skarg\u0119 mo\u017cna sk\u0142ada\u0107 Prezesowi Urz\u0119du Ochrony Danych Osobowych.<\/span><\/p>\n<\/div><\/section><\/div>\n","protected":false},"excerpt":{"rendered":"","protected":false},"author":1,"featured_media":0,"parent":0,"menu_order":0,"comment_status":"closed","ping_status":"closed","template":"","meta":[],"yoast_head":"<!-- This site is optimized with the Yoast SEO plugin v20.7 - https:\/\/yoast.com\/wordpress\/plugins\/seo\/ -->\n<title>Alba Thyment Sp. zo.o. Polityka Prywatno\u015bci -<\/title>\n<meta name=\"robots\" content=\"index, follow, max-snippet:-1, max-image-preview:large, max-video-preview:-1\" \/>\n<link rel=\"canonical\" href=\"https:\/\/www.albathyment.com.pl\/AlbaThyment\/polityka-prywatnosci\/\" \/>\n<meta property=\"og:locale\" content=\"pl_PL\" \/>\n<meta property=\"og:type\" content=\"article\" \/>\n<meta property=\"og:title\" content=\"Alba Thyment Sp. zo.o. Polityka Prywatno\u015bci -\" \/>\n<meta property=\"og:url\" content=\"https:\/\/www.albathyment.com.pl\/AlbaThyment\/polityka-prywatnosci\/\" \/>\n<meta property=\"og:site_name\" content=\"Alba Thyment Sp. zo.o.\" \/>\n<meta property=\"article:publisher\" content=\"https:\/\/www.facebook.com\/essenzabalsamica\/?fref=ts\" \/>\n<meta property=\"article:modified_time\" content=\"2023-04-19T14:00:24+00:00\" \/>\n<meta name=\"twitter:card\" content=\"summary_large_image\" \/>\n<meta name=\"twitter:label1\" content=\"Szacowany czas czytania\" \/>\n\t<meta name=\"twitter:data1\" content=\"19 minut\" \/>\n<script type=\"application\/ld+json\" class=\"yoast-schema-graph\">{\"@context\":\"https:\/\/schema.org\",\"@graph\":[{\"@type\":\"WebPage\",\"@id\":\"https:\/\/www.albathyment.com.pl\/AlbaThyment\/polityka-prywatnosci\/\",\"url\":\"https:\/\/www.albathyment.com.pl\/AlbaThyment\/polityka-prywatnosci\/\",\"name\":\"Alba Thyment Sp. zo.o. Polityka Prywatno\u015bci -\",\"isPartOf\":{\"@id\":\"https:\/\/www.albathyment.com.pl\/AlbaThyment\/#website\"},\"datePublished\":\"2018-05-25T12:42:29+00:00\",\"dateModified\":\"2023-04-19T14:00:24+00:00\",\"breadcrumb\":{\"@id\":\"https:\/\/www.albathyment.com.pl\/AlbaThyment\/polityka-prywatnosci\/#breadcrumb\"},\"inLanguage\":\"pl-PL\",\"potentialAction\":[{\"@type\":\"ReadAction\",\"target\":[\"https:\/\/www.albathyment.com.pl\/AlbaThyment\/polityka-prywatnosci\/\"]}]},{\"@type\":\"BreadcrumbList\",\"@id\":\"https:\/\/www.albathyment.com.pl\/AlbaThyment\/polityka-prywatnosci\/#breadcrumb\",\"itemListElement\":[{\"@type\":\"ListItem\",\"position\":1,\"name\":\"Home\",\"item\":\"https:\/\/www.albathyment.com.pl\/AlbaThyment\/\"},{\"@type\":\"ListItem\",\"position\":2,\"name\":\"Polityka Prywatno\u015bci\"}]},{\"@type\":\"WebSite\",\"@id\":\"https:\/\/www.albathyment.com.pl\/AlbaThyment\/#website\",\"url\":\"https:\/\/www.albathyment.com.pl\/AlbaThyment\/\",\"name\":\"Alba Thyment Sp. zo.o.\",\"description\":\"manufactory of healthy cosmetics and natural pharmaceuticals\",\"potentialAction\":[{\"@type\":\"SearchAction\",\"target\":{\"@type\":\"EntryPoint\",\"urlTemplate\":\"https:\/\/www.albathyment.com.pl\/AlbaThyment\/?s={search_term_string}\"},\"query-input\":\"required name=search_term_string\"}],\"inLanguage\":\"pl-PL\"}]}<\/script>\n<!-- \/ Yoast SEO plugin. -->","yoast_head_json":{"title":"Alba Thyment Sp. zo.o. Polityka Prywatno\u015bci -","robots":{"index":"index","follow":"follow","max-snippet":"max-snippet:-1","max-image-preview":"max-image-preview:large","max-video-preview":"max-video-preview:-1"},"canonical":"https:\/\/www.albathyment.com.pl\/AlbaThyment\/polityka-prywatnosci\/","og_locale":"pl_PL","og_type":"article","og_title":"Alba Thyment Sp. zo.o. Polityka Prywatno\u015bci -","og_url":"https:\/\/www.albathyment.com.pl\/AlbaThyment\/polityka-prywatnosci\/","og_site_name":"Alba Thyment Sp. zo.o.","article_publisher":"https:\/\/www.facebook.com\/essenzabalsamica\/?fref=ts","article_modified_time":"2023-04-19T14:00:24+00:00","twitter_card":"summary_large_image","twitter_misc":{"Szacowany czas czytania":"19 minut"},"schema":{"@context":"https:\/\/schema.org","@graph":[{"@type":"WebPage","@id":"https:\/\/www.albathyment.com.pl\/AlbaThyment\/polityka-prywatnosci\/","url":"https:\/\/www.albathyment.com.pl\/AlbaThyment\/polityka-prywatnosci\/","name":"Alba Thyment Sp. zo.o. Polityka Prywatno\u015bci -","isPartOf":{"@id":"https:\/\/www.albathyment.com.pl\/AlbaThyment\/#website"},"datePublished":"2018-05-25T12:42:29+00:00","dateModified":"2023-04-19T14:00:24+00:00","breadcrumb":{"@id":"https:\/\/www.albathyment.com.pl\/AlbaThyment\/polityka-prywatnosci\/#breadcrumb"},"inLanguage":"pl-PL","potentialAction":[{"@type":"ReadAction","target":["https:\/\/www.albathyment.com.pl\/AlbaThyment\/polityka-prywatnosci\/"]}]},{"@type":"BreadcrumbList","@id":"https:\/\/www.albathyment.com.pl\/AlbaThyment\/polityka-prywatnosci\/#breadcrumb","itemListElement":[{"@type":"ListItem","position":1,"name":"Home","item":"https:\/\/www.albathyment.com.pl\/AlbaThyment\/"},{"@type":"ListItem","position":2,"name":"Polityka Prywatno\u015bci"}]},{"@type":"WebSite","@id":"https:\/\/www.albathyment.com.pl\/AlbaThyment\/#website","url":"https:\/\/www.albathyment.com.pl\/AlbaThyment\/","name":"Alba Thyment Sp. zo.o.","description":"manufactory of healthy cosmetics and natural pharmaceuticals","potentialAction":[{"@type":"SearchAction","target":{"@type":"EntryPoint","urlTemplate":"https:\/\/www.albathyment.com.pl\/AlbaThyment\/?s={search_term_string}"},"query-input":"required name=search_term_string"}],"inLanguage":"pl-PL"}]}},"_links":{"self":[{"href":"https:\/\/www.albathyment.com.pl\/AlbaThyment\/wp-json\/wp\/v2\/pages\/3024"}],"collection":[{"href":"https:\/\/www.albathyment.com.pl\/AlbaThyment\/wp-json\/wp\/v2\/pages"}],"about":[{"href":"https:\/\/www.albathyment.com.pl\/AlbaThyment\/wp-json\/wp\/v2\/types\/page"}],"author":[{"embeddable":true,"href":"https:\/\/www.albathyment.com.pl\/AlbaThyment\/wp-json\/wp\/v2\/users\/1"}],"replies":[{"embeddable":true,"href":"https:\/\/www.albathyment.com.pl\/AlbaThyment\/wp-json\/wp\/v2\/comments?post=3024"}],"version-history":[{"count":7,"href":"https:\/\/www.albathyment.com.pl\/AlbaThyment\/wp-json\/wp\/v2\/pages\/3024\/revisions"}],"predecessor-version":[{"id":6559,"href":"https:\/\/www.albathyment.com.pl\/AlbaThyment\/wp-json\/wp\/v2\/pages\/3024\/revisions\/6559"}],"wp:attachment":[{"href":"https:\/\/www.albathyment.com.pl\/AlbaThyment\/wp-json\/wp\/v2\/media?parent=3024"}],"curies":[{"name":"wp","href":"https:\/\/api.w.org\/{rel}","templated":true}]}}